{"id":1119,"date":"2019-12-05T12:00:07","date_gmt":"2019-12-05T11:00:07","guid":{"rendered":"https:\/\/andreaswolf.net\/?page_id=1119"},"modified":"2025-01-10T17:15:17","modified_gmt":"2025-01-10T16:15:17","slug":"vita","status":"publish","type":"page","link":"https:\/\/andreaswolf.net\/en\/vita\/","title":{"rendered":"cv"},"content":{"rendered":"<div class=\"wpb-content-wrapper\"><div data-title=\"\" class=\"nor-vc-row-container vc_row wpb_row vc_row-fluid\"  ><div class=\"container\"><div class=\"nor-row\"><div class=\"sixteen columns nor-12\"><div class=\"wpb_column vc_column_container vc_col-sm-8\"><div class=\"vc_column-inner\"><div class=\"wpb_wrapper\">\n\t<div class=\"wpb_text_column wpb_content_element\" >\n\t\t<div class=\"wpb_wrapper\">\n\t\t\t<p><span style=\"font-size: 18px;\">Andreas Wolf, born 1965 in Heidelberg, lives and works in Berlin as a Visual Artist and Graphic Designer.\nSince 2006, he has teamed with other artists in organizing exhibitions, art projects and project spaces. In 2015 he became a member of the Berlin based, Finnish-German Art Space Toolbox. <a href=\"http:\/\/www.galerietoolbox.com\/\">Kunstraums Toolbox<\/a>He paints large format, non-figurative paintings using oil, acrylic and spray paint on canvas.<\/span><\/p>\n\n\t\t<\/div>\n\t<\/div>\n<div class=\"vc_tta-container\" data-vc-action=\"collapse\"><div class=\"vc_general vc_tta vc_tta-tabs vc_tta-color-white vc_tta-style-classic vc_tta-shape-rounded vc_tta-spacing-1 vc_tta-tabs-position-top vc_tta-controls-align-left\"><div class=\"vc_tta-tabs-container\"><ul class=\"vc_tta-tabs-list\" role=\"tablist\"><li class=\"vc_tta-tab vc_active\" data-vc-tab role=\"presentation\"><a href=\"#1580831383619-c359f23d-a063\" data-vc-tabs data-vc-container=\".vc_tta\" role=\"tab\" aria-selected=\"false\" id=\"tab-1580831383619-c359f23d-a063\"><span class=\"vc_tta-title-text\">exhibitions<\/span><\/a><\/li><li class=\"vc_tta-tab\" data-vc-tab role=\"presentation\"><a href=\"#1580831383620-0004fa2a-3934\" data-vc-tabs data-vc-container=\".vc_tta\" role=\"tab\" aria-selected=\"false\" id=\"tab-1580831383620-0004fa2a-3934\"><span class=\"vc_tta-title-text\">projects<\/span><\/a><\/li><li class=\"vc_tta-tab\" data-vc-tab role=\"presentation\"><a href=\"#1580832243884-e768931f-3da8\" data-vc-tabs data-vc-container=\".vc_tta\" role=\"tab\" aria-selected=\"false\" id=\"tab-1580832243884-e768931f-3da8\"><span class=\"vc_tta-title-text\">memberships<\/span><\/a><\/li><\/ul><\/div><div class=\"vc_tta-panels-container\"><div class=\"vc_tta-panels\"><div class=\"vc_tta-panel vc_active\" id=\"1580831383619-c359f23d-a063\" data-vc-content=\".vc_tta-panel-body\"><div class=\"vc_tta-panel-heading\"><h4 class=\"vc_tta-panel-title\"><a href=\"#1580831383619-c359f23d-a063\" data-vc-accordion data-vc-container=\".vc_tta-container\"><span class=\"vc_tta-title-text\">exhibitions<\/span><\/a><\/h4><\/div><div class=\"vc_tta-panel-body\">\n\t<div class=\"wpb_text_column wpb_content_element\" >\n\t\t<div class=\"wpb_wrapper\">\n\t\t\t<h2>2024<\/h2>\n<h2>NI versus AI (Natural Intelligence vs. Artificial Intelligence)<\/h2>\n<p>Bas CS Gallery, 23.2.\u201322.3.2024, Soldiner Str. 102<br \/>\n13359 Berlin, Gruppenausstellung<\/p>\n<hr \/>\n<h2>A B\u00b2 C \u2013 konkret abstrakt 1<\/h2>\n<p><a href=\"https:\/\/wolf-galentz.de\" target=\"_blank\" rel=\"noopener\">Galery Wolf &amp; Galentz<\/a>, Birgit Bellmann, Barbara Hindahl, Carlos Silva, Andreas Wolf<br \/>\n17.3.\u201314.4. 2024, Wollankstra\u00dfe 112a, 13187 Berlin,<\/p>\n<hr \/>\n<h2>The Spring Salon Kuiperdomingos Projects<\/h2>\n<p><a href=\"https:\/\/kunstruimte411.blogspot.com\/\" target=\"_blank\" rel=\"noopener\">Art space 411<\/a><br \/>\nEr\u00f6ffnung 5 4. -3.5.2024, <a href=\"https:\/\/stadsherstel.nl\/en\/eventlocatie\/amstelkerk\/\" target=\"_blank\" rel=\"noopener\">Amstelkerk<\/a>,<br \/>\nAmstelveld, Amsterdam, Holland<\/p>\n<hr \/>\n<h2>ALLES VI<\/h2>\n<p><a href=\"http:\/\/studio-im-hochhaus.de\/de\/strartseite\/\">Studio im Hochhaus<\/a>, 9.7.i-9. 9. 2024<br \/>\nGruppenausstellung, Zingster Stra\u00dfe 25, 13051 Berlin<\/p>\n<hr \/>\n<h2>Bruises<\/h2>\n<p><a href=\"https:\/\/www.helsingintaiteilijaseura.fi\/en\/exhibitions\/haa-gallery\/\" target=\"_blank\" rel=\"noopener\">Haa Galerie<\/a> 11.7.\u20134.8. 2024, Helsinki, Suomenlinna, Finnland,<br \/>\nGruppenausstellung<\/p>\n<hr \/>\n<p><a href=\"https:\/\/andreaswolf.net\/wp-content\/uploads\/2024\/08\/2024-04_BB-revision_schriftzug_zweizeilig_neon.jpg\"><img loading=\"lazy\" decoding=\"async\" class=\"size-thumbnail wp-image-2563\" src=\"https:\/\/andreaswolf.net\/wp-content\/uploads\/2024\/08\/2024-04_BB-revision_schriftzug_zweizeilig_neon-150x100.jpg\" alt=\"\" width=\"150\" height=\"100\" srcset=\"https:\/\/andreaswolf.net\/wp-content\/uploads\/2024\/08\/2024-04_BB-revision_schriftzug_zweizeilig_neon-150x100.jpg 150w, https:\/\/andreaswolf.net\/wp-content\/uploads\/2024\/08\/2024-04_BB-revision_schriftzug_zweizeilig_neon-300x200.jpg 300w, https:\/\/andreaswolf.net\/wp-content\/uploads\/2024\/08\/2024-04_BB-revision_schriftzug_zweizeilig_neon-1024x683.jpg 1024w, https:\/\/andreaswolf.net\/wp-content\/uploads\/2024\/08\/2024-04_BB-revision_schriftzug_zweizeilig_neon-768x512.jpg 768w, https:\/\/andreaswolf.net\/wp-content\/uploads\/2024\/08\/2024-04_BB-revision_schriftzug_zweizeilig_neon-18x12.jpg 18w, https:\/\/andreaswolf.net\/wp-content\/uploads\/2024\/08\/2024-04_BB-revision_schriftzug_zweizeilig_neon.jpg 1500w\" sizes=\"auto, (max-width: 150px) 100vw, 150px\" \/><\/a><\/p>\n<h2>RE:VISION<\/h2>\n<p><a href=\"https:\/\/kunstverein-tiergarten.de\">Galerie Nord | Kunstverein Tiergarten<\/a>, Turmstra\u00dfe 75 \u2013 10551 Berlin<br \/>\n13. 9. \u2013 26. 10. 2024, group show<\/p>\n<hr \/>\n<h2><a href=\"https:\/\/andreaswolf.net\/wp-content\/uploads\/2024\/09\/Open-studios_flyer_front-2.jpeg\"><img loading=\"lazy\" decoding=\"async\" class=\"wp-image-2567 size-thumbnail alignnone\" src=\"https:\/\/andreaswolf.net\/wp-content\/uploads\/2024\/09\/Open-studios_flyer_front-2-150x77.jpeg\" alt=\"\" width=\"150\" height=\"77\" srcset=\"https:\/\/andreaswolf.net\/wp-content\/uploads\/2024\/09\/Open-studios_flyer_front-2-150x77.jpeg 150w, https:\/\/andreaswolf.net\/wp-content\/uploads\/2024\/09\/Open-studios_flyer_front-2-300x154.jpeg 300w, https:\/\/andreaswolf.net\/wp-content\/uploads\/2024\/09\/Open-studios_flyer_front-2-1024x526.jpeg 1024w, https:\/\/andreaswolf.net\/wp-content\/uploads\/2024\/09\/Open-studios_flyer_front-2-768x395.jpeg 768w, https:\/\/andreaswolf.net\/wp-content\/uploads\/2024\/09\/Open-studios_flyer_front-2-1536x790.jpeg 1536w, https:\/\/andreaswolf.net\/wp-content\/uploads\/2024\/09\/Open-studios_flyer_front-2-2048x1053.jpeg 2048w, https:\/\/andreaswolf.net\/wp-content\/uploads\/2024\/09\/Open-studios_flyer_front-2-18x9.jpeg 18w\" sizes=\"auto, (max-width: 150px) 100vw, 150px\" \/><\/a><\/h2>\n<h2>Open Studios<\/h2>\n<p>Gerichtstra\u00dfe 12\/13, 13347 Berlin-Wedding<br \/>\n22. 9. 2024, Gruppenausstellung<\/p>\n<hr \/>\n<h2>Anonymous Drawings<\/h2>\n<p>Kunsthaus Kreuzberg \/ Bethanien<br \/>\nMariannenplatz 2, 10997 Berlin<br \/>\n16.11.2024\u201312.1.2025, Gruppenausstellung<\/p>\n<hr \/>\n<h2><a href=\"https:\/\/andreaswolf.net\/wp-content\/uploads\/2024\/10\/10-Jahre-KEP_A3_2.jpg\"><img loading=\"lazy\" decoding=\"async\" class=\"size-thumbnail wp-image-2576 alignnone\" src=\"https:\/\/andreaswolf.net\/wp-content\/uploads\/2024\/10\/10-Jahre-KEP_A3_2-150x106.jpg\" alt=\"\" width=\"150\" height=\"106\" srcset=\"https:\/\/andreaswolf.net\/wp-content\/uploads\/2024\/10\/10-Jahre-KEP_A3_2-150x106.jpg 150w, https:\/\/andreaswolf.net\/wp-content\/uploads\/2024\/10\/10-Jahre-KEP_A3_2-300x212.jpg 300w, https:\/\/andreaswolf.net\/wp-content\/uploads\/2024\/10\/10-Jahre-KEP_A3_2-18x12.jpg 18w, https:\/\/andreaswolf.net\/wp-content\/uploads\/2024\/10\/10-Jahre-KEP_A3_2.jpg 700w\" sizes=\"auto, (max-width: 150px) 100vw, 150px\" \/><\/a><\/h2>\n<h2>10 Jahre KEP<\/h2>\n<p>Kunstetagen Pankow Werkschau<br \/>\nPrenzlauer Promenade 149\u2013152, 13189 Berlin<br \/>\n23.11.2024, Gruppenausstellung<\/p>\n<hr \/>\n<h2><a href=\"https:\/\/andreaswolf.net\/wp-content\/uploads\/2024\/11\/KDP_Reclaim-Reality.jpg\"><img loading=\"lazy\" decoding=\"async\" class=\"size-thumbnail wp-image-2582 alignnone\" src=\"https:\/\/andreaswolf.net\/wp-content\/uploads\/2024\/11\/KDP_Reclaim-Reality-150x150.jpg\" alt=\"\" width=\"150\" height=\"150\" srcset=\"https:\/\/andreaswolf.net\/wp-content\/uploads\/2024\/11\/KDP_Reclaim-Reality-150x150.jpg 150w, https:\/\/andreaswolf.net\/wp-content\/uploads\/2024\/11\/KDP_Reclaim-Reality-300x300.jpg 300w, https:\/\/andreaswolf.net\/wp-content\/uploads\/2024\/11\/KDP_Reclaim-Reality-768x768.jpg 768w, https:\/\/andreaswolf.net\/wp-content\/uploads\/2024\/11\/KDP_Reclaim-Reality-12x12.jpg 12w, https:\/\/andreaswolf.net\/wp-content\/uploads\/2024\/11\/KDP_Reclaim-Reality.jpg 800w\" sizes=\"auto, (max-width: 150px) 100vw, 150px\" \/><\/a><\/h2>\n<h2>SALON KUIPERDOMINGOS PROJECTS \/ RECLAIM REALITY<\/h2>\n<p>30.11 2024-04.01 2025 <a href=\"https:\/\/rosalux.com\/\">rosalux, Wriezener Stra\u00dfe 12, 13359 Berlin-Wedding<\/a><br \/>\nGruppenausstellung<\/p>\n<h2>2023<\/h2>\n<hr \/>\n<h2>Myopia<\/h2>\n<p>14.\u201325.4.2023, Galeria Nowa Scena UAP<br \/>\nGruppenausstellung in Posen \/ Poznan, Polen<br \/>\nAl. Marcinkowskiego 28, 60967 Polen<\/p>\n<hr \/>\n<h2>ALLES V<\/h2>\n<p>Studio im Hochhaus, 4 July - 10 September 2023<br \/>\nBig group show, Zingster Stra\u00dfe 25, 13051 Berlin<br \/>\nOpening hours: Mon \u2013Fri 10am\u20136pm, Sun 2\u20136pm<\/p>\n<hr \/>\n<h2>Nacht + Tag am 09.\/10.09.2023<\/h2>\n<div class=\"teaser uk-width-small-1-1 uk-width-medium-1-2 uk-width-large-2-3\">\n<p>Sat 09.09. 2023 4\u201312pm and  Sun 10. 09 2023 1\u20136pm  Open Studios at Gerichtsh\u00f6fe,<br \/>\nWiesenstr. 62, yard 3, staircase 3, 4. OG, 13347 Berlin-Wedding<\/p>\n<p>&nbsp;<\/p>\n<\/div>\n<p>&nbsp;<\/p>\n<h2><\/h2>\n<h2>2022<\/h2>\n<hr \/>\n<h3>Alles IV<\/h3>\n<p>Studio im Hochhaus, 22. Juni bis 24. August 2022<br \/>\nVernissage 21. Juni, 19 Uhr, about 180 artists<br \/>\nZingster Stra\u00dfe 25, 13051 Berlin<br \/>\nOpening Hours: Mo \u2013 Do 11-19 Uhr, Fr 11-18 Uhr, So 14-18 Uhr<\/p>\n<hr \/>\n<h3>Anonymous Drawings<\/h3>\n<p><a href=\"https:\/\/www.anonyme-zeichner.de\/en\/current.html\" target=\"_blank\" rel=\"noopener\">600 international drawings<\/a> in Berlin,<br \/>\n18. 06.\u201324.08.2022<\/p>\n<hr \/>\n<h3>Bild Raum | Image Space<\/h3>\n<p><img loading=\"lazy\" decoding=\"async\" class=\"size-medium wp-image-2327 alignnone\" src=\"https:\/\/andreaswolf.net\/wp-content\/uploads\/2022\/03\/Andreas-Wolf-begehbares-bild-1-300x160.jpg\" alt=\"Andreas Wolf begehbares Bild\" width=\"300\" height=\"160\" srcset=\"https:\/\/andreaswolf.net\/wp-content\/uploads\/2022\/03\/Andreas-Wolf-begehbares-bild-1-300x160.jpg 300w, https:\/\/andreaswolf.net\/wp-content\/uploads\/2022\/03\/Andreas-Wolf-begehbares-bild-1-150x80.jpg 150w, https:\/\/andreaswolf.net\/wp-content\/uploads\/2022\/03\/Andreas-Wolf-begehbares-bild-1-768x410.jpg 768w, https:\/\/andreaswolf.net\/wp-content\/uploads\/2022\/03\/Andreas-Wolf-begehbares-bild-1-18x10.jpg 18w, https:\/\/andreaswolf.net\/wp-content\/uploads\/2022\/03\/Andreas-Wolf-begehbares-bild-1.jpg 885w\" sizes=\"auto, (max-width: 300px) 100vw, 300px\" \/><\/p>\n<p>Einzelausstellung\u00a0| <a href=\"http:\/\/galerietoolbox.com\" target=\"_blank\" rel=\"bookmark noopener noreferrer\" data-ajax=\"true\">Projectspace Toolbox<\/a><\/p>\n<p>Vernissage: 25. 03. 2022, 19 h <img loading=\"lazy\" decoding=\"async\" class=\"alignright wp-image-2320\" src=\"https:\/\/andreaswolf.net\/wp-content\/uploads\/2022\/03\/Neustart-Kultur-150x150.gif\" alt=\"Neustart-KulturLogo\" width=\"90\" height=\"67\" \/><br \/>\n27. 03.\u201323. 04. 2022<br \/>\n\u00d6ffnungszeiten \/ Opening hours: Sa 15\u201318 h<br \/>\nKolonie Weekend: 27. 03. 2022: 14 \u201317 h<\/p>\n<p>Der K\u00fcnstler Andreas Wolf hat in Kollaboration mit Anna E. Wilkens im Finnisch-Deutschen Art Space Toolbox ein begehbares ungegenst\u00e4ndliches Bild im Raum installiert. Im Laufe der Ausstellungsdauer wird das Raum-Bild-Gef\u00fcge m\u00f6glicherweise noch ver\u00e4ndert.<\/p>\n<hr \/>\n<h3>Handgemalt und handgezeichnet<\/h3>\n<p>group show <a href=\"http:\/\/www.kulturpalastwedding.com\" target=\"_blank\" rel=\"noopener noreferrer\">Kulturpalast Wedding International<\/a><\/p>\n<p>Er\u00f6ffnung 29. April 2022<\/p>\n<hr \/>\n<h3>Fragile<\/h3>\n<p>Gruppenausstellung | Glasfabrik Riihim\u00e4ki, Finnland<\/p>\n<p>16. Juni\u201310. September 2022<\/p>\n<hr \/>\n<h3 class=\"blog-title-part\"><a href=\"https:\/\/www.b-la-connect.org\/\" target=\"_blank\" rel=\"noopener\">B-LA Connect<\/a><\/h3>\n<p class=\"blog-title-part\">group show<br \/>\n9.\u201317. Juli 2022<\/p>\n<hr \/>\n<h3>10 Jahre Toolbox<\/h3>\n<p>Gruppenausstellung | 24. August\u201324. September 2022<\/p>\n<p><a href=\"http:\/\/galerietoolbox.com\" target=\"_blank\" rel=\"bookmark noopener noreferrer\" data-ajax=\"true\">Projectspace Toolbox<\/a><\/p>\n<h3><\/h3>\n<h3>2021<\/h3>\n<p><strong>Inside Out<br \/>\n<\/strong>group show <a href=\"http:\/\/kunstverein-tiergarten.de\" target=\"_blank\" rel=\"bookmark noopener noreferrer\" data-ajax=\"true\">Kunstverein Tiergarten | Galerie Nord, Berlin<\/a>, 19.03.\u201309.04.2021<br \/>\nDas Projekt inside:OUT pr\u00e4sentiert in drei Ausstellungen elf international arbeitende Ku\u0308nstler*innen aus Berlin. Auf fu\u0308nf gro\u00dfformatigen Fensterfl\u00e4chen zeigen sie in Collagen, Grafiken und Zeichnungen Innenansichten, Perspektivwechsel und Zwiegespr\u00e4che zwischen Widerstand und Anpassung. Kuratiert von Lusin Reinsch und Veronika Witte<\/p>\n<p><strong>Kolonie Wedding | Berlin Contemporary Art in Romania<br \/>\n<\/strong>group show <a href=\"http:\/\/centruldeinteres.art\" target=\"_blank\" rel=\"bookmark noopener noreferrer\" data-ajax=\"true\">Centrul de interes, Cluj, Romania<\/a> 28.05.\u201310.07.2021<\/p>\n<p><strong>Festival of New Art<br \/>\n<\/strong><a href=\"http:\/\/www.labirynt.slubice.eu\/index.html\" target=\"_blank\" rel=\"noopener\">Vibrations<\/a> Group Show | S\u0142ubice \u2013 Frankfurt (O) 22.\u201324.10.2021<\/p>\n<p><strong>Hinderung von Abrundungen<br \/>\n<\/strong>solo show <a href=\"https:\/\/kunstverein-viernheim.de\/\" target=\"_blank\" rel=\"bookmark noopener noreferrer\" data-ajax=\"true\">Kunstverein Viernheim<\/a>, 20.08.\u201318.09.2021<\/p>\n<h3>2020<\/h3>\n<p><strong>Kunst in den Gerichtsh\u00f6fen<br \/>\n<\/strong>group show <a title=\"Den Artikel lesen: Bitte vormerken: Nacht + Tag am 19.\/20.09.2020\" href=\"https:\/\/www.gerichtshoefe.de\/newslesen\/bitte-vormerken-nacht-tag-am-19-20-09-2020.html\" target=\"_blank\" rel=\"noopener noreferrer\">19.\u201320.09.2020<\/a><\/p>\n<p><strong>Das letzte Bild<br \/>\n<\/strong>Gruppenausstellung | 25.09.\u201323.10.2020<br \/>\n<a href=\"https:\/\/www.facebook.com\/events\/669238680388115\/\" target=\"_blank\" rel=\"noopener noreferrer\">Prima Center Berlin<\/a>, Peter Anders, Cristina Artola, Jovan Balov, Archi Galentz, Patrick Huber, Ute Lindner, Kata Unger, Uwe Sennert,<br \/>\nVeronika Witte, Andreas Wolf<\/p>\n<h3>2019<\/h3>\n<p><strong>Born to be alive<br \/>\n<\/strong><a href=\"http:\/\/prima-center.net\/\" target=\"_blank\" rel=\"noopener noreferrer\">Projektraum Prima Center Berlin, <\/a>group show<\/p>\n<p><strong>discovery art fair K\u00f6ln<br \/>\n<\/strong><a href=\"https:\/\/discoveryartfair.com\/de\/fairs\/koeln\/\" target=\"_blank\" rel=\"noopener noreferrer\">XPOST K\u00f6ln<\/a>, 12. \u201314.04.2019<\/p>\n<p><strong>Only Echos Passing through the Night<br \/>\n<\/strong>Art Helix\u00a0 |\u00a0<a href=\"http:\/\/www.odettagallery.com\/\">ODETTA Gallery<\/a>, Brooklyn, NY 11206, group show, 26.04.\u201319. 05.2019<\/p>\n<p><strong>ENERGIES &amp; luminEscences<br \/>\n<\/strong><a href=\"http:\/\/www.hlp-galerie.de\/\" target=\"_blank\" rel=\"noopener noreferrer\">HLP Galerie<\/a> K\u00f6ln Wesseling, group show, 5.05\u201302.06.2019<br \/>\nmit Tina Juretzek und Friedrich Monzel<\/p>\n<p><strong>Sometimes I think I could paint<br \/>\n<\/strong><a href=\"http:\/\/www.galerietoolbox.com\" target=\"_blank\" rel=\"noopener noreferrer\">Toolbox \u2013 Finnish German Art Space Berlin<\/a>, Ekkehard Vree, Andreas Wolf, 01.\u201322.06. 2019<\/p>\n<div>\n<p><strong>Helter Skelter<\/strong><br \/>\n<a href=\"http:\/\/www.kulturpalastwedding.com\" target=\"_blank\" rel=\"noopener noreferrer\">Kulturpalast Wedding International<\/a>, 22.06.2019 (Festival)<\/p>\n<p><strong>NICHT HINAUSLEHNEN! | NE NAGINJI SE KROZ PROZOR!\u00a0<\/strong><br \/>\n<a href=\"https:\/\/old.msuv.org\/publikacije\/2019-10-21-wedding-kolonija-en.php\" target=\"_blank\" rel=\"noopener\">Serbien, Gruppenausstellung,\u00a0 18.10.\u201315.11. 2019<\/a><\/p>\n<p><strong>Art night at Gerichtsh\u00f6fen<br \/>\n<\/strong>group show,  21.\u201322.09.2019<\/p>\n<p class=\"no-effect\"><strong>Artists of Kulturpalast<\/strong><br \/>\n<a href=\"https:\/\/www.kulturpalastwedding.com\/\" target=\"_blank\" rel=\"noopener noreferrer\">Kulturpalast Wedding International<\/a>, group show, 29.11.\u201308.12.2019<\/p>\n<p><strong>KEP Janusz-Korczak-Bibliothek Berlin<br \/>\n<\/strong>group show, 1.11.2019\u201317.01.2020<\/p>\n<h3>2018<\/h3>\n<div><\/div>\n<div>\n<p><strong>Offene Ateliers Kunstetagen Pankow<br \/>\n<\/strong><a href=\"https:\/\/www.google.com\/maps?q=Pestalozzistr.+5-8,+13187+Berlin-Pankow&amp;oe=utf-8&amp;um=1&amp;ie=UTF-8&amp;sa=X&amp;ved=0ahUKEwjSvaW008feAhWDxYUKHVLDAtQQ_AUIDigB\">Pestalozzistr. 5-8, 13187 Berlin-Pankow<\/a>, 17.\u201318.11.2018<\/p>\n<p><strong>Showtime 2.0<br \/>\n<\/strong>Temporary Art Hall Weinheim <a href=\"https:\/\/www.google.com\/maps?oe=utf-8&amp;q=Institutstra%C3%9Fe+15,+69469+Weinheim&amp;um=1&amp;ie=UTF-8&amp;sa=X&amp;ved=0ahUKEwiB_fe1is_cAhUssaQKHVdMC5wQ_AUICigB\">Ehemaliges Notariat, Institutsstra\u00dfe 15, 69469 Weinheim<\/a>, 16.11.\u201316.12.2018<br \/>\nAnjali Goebel (Witzenhausen), Ulrich Haug (Waiblingen), Cholud Kassem (Heidelberg), McLOVLA (Berlin), Michel Meyer (Weinheim), Peter Riek (Heilbronn), Wolfram Scheffel (Freiburg), Hans Scheib (Berlin), Anne Sommer-Meyer (Weinheim), Axel Schweppe (K\u00f6ln), Deborah Wargon (Berlin), Andreas Wolf (Berlin)<br \/>\nShowtime! 2.0, is a project by Anne Sommer-Meyer and Michel Meyer<\/p>\n<p><strong>ENDE.meins<br \/>\n<\/strong><a href=\"http:\/\/kulturpalastwedding.com\/\">Kulturpalast Wedding International<\/a>, Chantal Labinski, Andreas Wolf, 30.06. \u2013 15.07.2018<\/p>\n<p><strong>Aneignung \u2013 K\u00fcnstler der Kolonie Wedding<br \/>\n<\/strong><a href=\"https:\/\/www.kunstamt-reinickendorf-rathausgalerie.de\/\">Rathausgalerie Reinickendorf, Berlin<\/a>, group show, 24.05.\u201323.08.2018<\/p>\n<p><strong>Mr. Ira Schneider and Friends 2<br \/>\n<\/strong><a href=\"http:\/\/prima-center.net\/\" target=\"_blank\" rel=\"noopener noreferrer\">Projektraum Prima Center Berlin<\/a>, group show,  24.02.\u201317.03.2018<br \/>\nAxel Brand , Rasmus Gerlach, Reinhold Gottwald, Karen Koltermann, Matthias Mayer, Ira Schneider, Andreas Wolf<\/p>\n<p><strong>Mr. Ira Schneider and Friend<br \/>\n<\/strong>Projektraum <a href=\"https:\/\/www.facebook.com\/friedson\" target=\"_blank\" rel=\"noopener noreferrer\">unter Urban Berlin<\/a>, group show, 02.02.\u201316.02.2018<br \/>\nIra Schneider, Jovan Balov, Andreas Wolf<\/p>\n<h3>2017<\/h3>\n<\/div>\n<p><strong>Kolonie Wedding | Contemporary Berlin Art in Finland<\/strong><br \/>\n<a href=\"http:\/\/www.hyvinkaa.fi\/hyvinkaan-taidemuseo\/\">Hyvink\u00e4\u00e4 Taidemuseo<\/a> (Hyvink\u00e4\u00e4 Finnland), group show, 16. 09.\u201319. 11. 2017<\/p>\n<p><strong>Narcissus<\/strong><br \/>\n<a href=\"http:\/\/www.gallery-fonticus-groznjan.net\/ptostor.html\">Galerie Fonticus (Groznjan, Kroatien),<\/a> Gruppenausstellung, 17.\u201327. August 2017<\/p>\n<p><strong>Nachstein<\/strong><br \/>\n<a href=\"http:\/\/galerietoolbox.com\/\">Projectspace Toolbox<\/a>, group show, 29. Juli\u201326. August 2017<\/p>\n<p><strong>Emotional Circus<\/strong><br \/>\n<a href=\"http:\/\/thisproject.co.uk\/\">Undegun Art Space<\/a>, Wales, Gro\u00dfbritannien, group show, 24.6.\u201330.7.2017<\/p>\n<p><strong>Art Fair Suomi (Helsinki)<\/strong><br \/>\n<a href=\"http:\/\/artfairsuomi.fi\/afs_2017\/en\/\" target=\"_blank\" rel=\"noopener noreferrer\">International Contemporary Art Festival<\/a>, 25.\u201328. Mai 2017<\/p>\n<p><strong>Supermarked Art Fair<\/strong><br \/>\n<a href=\"http:\/\/www.supermarketartfair.com\/\" target=\"_blank\" rel=\"noopener noreferrer\">Independent Art Fair Stockholm<\/a>, 23.\u201326. M\u00e4rz 2017<\/p>\n<h3>2016<\/h3>\n<p><strong>Non objective paintings<br \/>\n<\/strong><strong><a href=\"http:\/\/www.koloniewedding.de\/impressum-kontakt\/\">Kolonie Wedding Project Space<\/a><\/strong> 25. 11.\u201315. 12. 2016<\/p>\n<p><strong>Menagerie | Animals in the Art Zoo<\/strong><strong><br \/>\n<a href=\"http:\/\/www.galerietoolbox.com\/\">Toolbox Berlin<\/a> <\/strong>Curation tigether with Anna E. Wilkens, 29. 04.\u201321. 5. 2016<\/p>\n<p><strong>Emotional Circus<br \/>\n<\/strong><strong><a href=\"http:\/\/www.kunstverein-viernheim.de\/\">Kunstverein Viernheim<\/a> <\/strong>Gruppenausstellung, 9. 9.\u201315. 10. 2016, <a href=\"https:\/\/andreaswolf.net\/en\/emotional-circus\/\">Text Anna E. Wilkens<\/a><\/p>\n<h3>2015<\/h3>\n<p><strong>Non objective paintings<\/strong><br \/>\n<a href=\"http:\/\/www.galerietoolbox.com\/index.html\">Galerie\/Projektraum Toolbox<\/a> solo show, 24. April \u2013 21. Mai 2015<\/p>\n<p><strong>Vier K\u00fcnstler reparieren das D in Wedding<\/strong><br \/>\n<a href=\"http:\/\/www.prima-center.net\/\">Projektraum Prima Center Berlin<\/a> group show, Reinhold Gottwald, Siegfried Kober, Mr. Ira Schneider, Andreas Wolf<\/p>\n<h3>2014<\/h3>\n<p><strong>Wie verpacke ich was mir heilig ist \u2026<br \/>\n<\/strong>Morgner Haus, Soest, group show, 1. M\u00e4rz \u2013 6. April 2014<\/p>\n<p><strong>Sennwunderbar<\/strong><br \/>\nKunstetagen Pankow, together with <a href=\"http:\/\/sennf.de\/\">Sennf<\/a>, 23. August 2014<\/p>\n<h3>2013<\/h3>\n<p><strong>Grande Finale<\/strong><br \/>\nAtelierhaus h7\/15, Mannheim, 30.11-1. 12. 2013<\/p>\n<p>Hommage \u00e1 Mannheim<br \/>\n<a href=\"http:\/\/www.moderne-kunst.de\/de\/startseite\/\">Galerie Zulauf<\/a>, Freinsheim, group show, 3.11. \u2013 15.12.2013<\/p>\n<h3>2011<\/h3>\n<p><strong><a title=\"Anderes\" href=\"https:\/\/andreaswolf.net\/en\/anderes\/\">Herzogenart \u2013 Public Spaces, Private Views<\/a><\/strong> Mannheim<\/p>\n<h3>2009<\/h3>\n<p><strong>artscoutone<\/strong> Mannheim<\/p>\n<p><strong>Showtime<\/strong> Tempor\u00e4re Kunsthalle Weinheim<\/p>\n<p><strong>OW-Art Buchen<\/strong> art fair<\/p>\n<h3>2008<\/h3>\n<p><strong>Kulturapostel <\/strong><a href=\"http:\/\/www.kunsthaus-viernheim.de\">Kunsthaus Viernheim<\/a>, group show<\/p>\n<p><strong>Non objective paintings<\/strong> solo show, Stadtgalerie E5, Mannheim<\/p>\n<h3>2007<\/h3>\n<p><strong>einlamamalnie<\/strong> PENG! RAUM F\u00dcR KUNST Mannheim, solo show<\/p>\n<p><strong>OW-Art Buchen<\/strong> art fair<\/p>\n<p><strong>Peng Mainz<\/strong>\u00a0 <a href=\"http:\/\/www.pengland.de\/\">PENG Mainz,<\/a>\u00a0group show<\/p>\n<h3>2006<\/h3>\n<p><strong>Peng!<\/strong>\u00a0 <a href=\"http:\/\/www.pengmannheim.de\/\">PENG! RAUM F\u00dcR KUNST Mannheim<\/a>, group show<\/p>\n<p class=\"translation-block\"><strong>open studio<\/strong> in h7\/15, night of the museums<\/p>\n<p>Since 2000 Participation at Open Studio at Ateliergemeinschaft h7\/15, Mannheim<\/p>\n<p>Seit 2000 Beteiligung an den offenen Ateliers der Ateliergemeinschaft h7\/15<\/p>\n<h3>1995<\/h3>\n<p><strong>Transformation, Tabac Factory Edingen, together with Ralph Hackeland<\/strong> Tabakfabrik Edingen, Gemeinschaftsarbeit mit Ralph Hackeland<\/p>\n<p>&nbsp;<\/p>\n<\/div>\n\n\t\t<\/div>\n\t<\/div>\n<\/div><\/div><div class=\"vc_tta-panel\" id=\"1580831383620-0004fa2a-3934\" data-vc-content=\".vc_tta-panel-body\"><div class=\"vc_tta-panel-heading\"><h4 class=\"vc_tta-panel-title\"><a href=\"#1580831383620-0004fa2a-3934\" data-vc-accordion data-vc-container=\".vc_tta-container\"><span class=\"vc_tta-title-text\">projects<\/span><\/a><\/h4><\/div><div class=\"vc_tta-panel-body\">\n\t<div class=\"wpb_text_column wpb_content_element\" >\n\t\t<div class=\"wpb_wrapper\">\n\t\t\t<p><strong>seit 2019 <a href=\"https:\/\/wolf-galentz.de\" target=\"_blank\" rel=\"noopener noreferrer\">Galery Wolf &amp; Galentz<\/a><\/strong>, Berlin<\/p>\n<p><strong>2017 <a href=\"http:\/\/weddingfinland.de\" target=\"_blank\" rel=\"noopener noreferrer\"> Kolonie Wedding | Contemporary Berlin Art in Finland <\/a><\/strong>(Kuratieren und Organisieren zusammen mit Anna E. Wilkens und Mika Karhu)<\/p>\n<p><strong>seit 2015 <a href=\"http:\/\/www.galerietoolbox.com\/\">Finnisch-deutscher Kunstraum Toolbox<\/a><\/strong><\/p>\n<p><strong>2010\u20132012 <a href=\"https:\/\/www.yumpu.com\/de\/document\/view\/24917943\/kingkong-contemporary\">KingKong-Contemporary Art Project<\/a><\/strong> (mit Barbara Hindahl und Fritz Stier)<\/p>\n<p><strong>2008 <a href=\"http:\/\/www.insel.andreaswolf.net\/\">Inseln Atolle Archipel \u2013 Ordnungen des Insularen<\/a> <\/strong>(mit Anna E. Wilkens)<\/p>\n<p><strong>2006\u20132009 <a href=\"http:\/\/www.pengmannheim.de\/\">Peng | Raum f\u00fcr Kunst<\/a><\/strong> (Gr\u00fcndungsmitglied)<\/p>\n\n\t\t<\/div>\n\t<\/div>\n<\/div><\/div><div class=\"vc_tta-panel\" id=\"1580832243884-e768931f-3da8\" data-vc-content=\".vc_tta-panel-body\"><div class=\"vc_tta-panel-heading\"><h4 class=\"vc_tta-panel-title\"><a href=\"#1580832243884-e768931f-3da8\" data-vc-accordion data-vc-container=\".vc_tta-container\"><span class=\"vc_tta-title-text\">memberships<\/span><\/a><\/h4><\/div><div class=\"vc_tta-panel-body\">\n\t<div class=\"wpb_text_column wpb_content_element\" >\n\t\t<div class=\"wpb_wrapper\">\n\t\t\t<p><a href=\"https:\/\/www.bbk-berlin.de\/con\/bbk\/front_content.php\">Berufsverband Bildernder K\u00fcnstler*innen Berlin<\/a> (BBK Berlin)<\/p>\n<p>Member of the studio advisory board BBK berlin<\/p>\n<p><a href=\"http:\/\/koloniewedding.de\" target=\"_blank\" rel=\"noopener noreferrer\">Kolonie Wedding<\/a> Vorstandsmitglied seit 2018<\/p>\n<p>&nbsp;<\/p>\n\n\t\t<\/div>\n\t<\/div>\n<\/div><\/div><\/div><\/div><\/div><\/div><\/div><\/div><\/div><div class=\"wpb_column vc_column_container vc_col-sm-4\"><div class=\"vc_column-inner\"><div class=\"wpb_wrapper\"><div  class=\"vc_wp_tagcloud wpb_content_element\"><div class=\"widget widget_tag_cloud\"><h2 class=\"widgettitle\">Tags<\/h2><nav aria-label=\"Tags\"><div class=\"tagcloud\"><a href=\"https:\/\/andreaswolf.net\/en\/tag\/2022\/\" class=\"tag-cloud-link tag-link-136 tag-link-position-1\" style=\"font-size: 8pt;\" aria-label=\"2022 (1 item)\">2022<\/a>\n<a href=\"https:\/\/andreaswolf.net\/en\/tag\/alu-dibond\/\" class=\"tag-cloud-link tag-link-104 tag-link-position-2\" style=\"font-size: 10.641509434pt;\" aria-label=\"Alu Dibond (3 items)\">Alu Dibond<\/a>\n<a href=\"https:\/\/andreaswolf.net\/en\/tag\/aquarell\/\" class=\"tag-cloud-link tag-link-75 tag-link-position-3\" style=\"font-size: 17.1572327044pt;\" aria-label=\"Aquarell (21 items)\">Aquarell<\/a>\n<a href=\"https:\/\/andreaswolf.net\/en\/tag\/artscoutone\/\" class=\"tag-cloud-link tag-link-95 tag-link-position-4\" style=\"font-size: 9.58490566038pt;\" aria-label=\"Artscoutone (2 items)\">Artscoutone<\/a>\n<a href=\"https:\/\/andreaswolf.net\/en\/tag\/atelier-gerichtsstrasse\/\" class=\"tag-cloud-link tag-link-77 tag-link-position-5\" style=\"font-size: 9.58490566038pt;\" aria-label=\"Atelier Gerichtsstra\u00dfe (2 items)\">studio Gerichtsstra\u00dfe<\/a>\n<a href=\"https:\/\/andreaswolf.net\/en\/tag\/atelier-h7-15\/\" class=\"tag-cloud-link tag-link-82 tag-link-position-6\" style=\"font-size: 19.2704402516pt;\" aria-label=\"Atelier h7\/15 (37 items)\">Atelier h7\/15<\/a>\n<a href=\"https:\/\/andreaswolf.net\/en\/tag\/begehbares-bild\/\" class=\"tag-cloud-link tag-link-134 tag-link-position-7\" style=\"font-size: 8pt;\" aria-label=\"Begehbares Bild (1 item)\">Begehbares Bild<\/a>\n<a href=\"https:\/\/andreaswolf.net\/en\/tag\/buntstiftzeichnung\/\" class=\"tag-cloud-link tag-link-51 tag-link-position-8\" style=\"font-size: 14.5157232704pt;\" aria-label=\"Buntstiftzeichnung (10 items)\">colored pencils<\/a>\n<a href=\"https:\/\/andreaswolf.net\/en\/tag\/centrul-de-interes\/\" class=\"tag-cloud-link tag-link-129 tag-link-position-9\" style=\"font-size: 11.5220125786pt;\" aria-label=\"Centrul de interes (4 items)\">Centrul de interes<\/a>\n<a href=\"https:\/\/andreaswolf.net\/en\/tag\/flag\/\" class=\"tag-cloud-link tag-link-119 tag-link-position-10\" style=\"font-size: 11.5220125786pt;\" aria-label=\"flag (4 items)\">flag<\/a>\n<a href=\"https:\/\/andreaswolf.net\/en\/tag\/galerie-wolf-galentz\/\" class=\"tag-cloud-link tag-link-78 tag-link-position-11\" style=\"font-size: 9.58490566038pt;\" aria-label=\"Galerie Wolf &amp; Galentz (2 items)\">Galery Wolf &amp; Galentz<\/a>\n<a href=\"https:\/\/andreaswolf.net\/en\/tag\/galerie-zulauf-freinsheim\/\" class=\"tag-cloud-link tag-link-80 tag-link-position-12\" style=\"font-size: 13.2830188679pt;\" aria-label=\"Galerie Zulauf Freinsheim (7 items)\">Galerie Zulauf Freinsheim<\/a>\n<a href=\"https:\/\/andreaswolf.net\/en\/tag\/gemaelde\/\" class=\"tag-cloud-link tag-link-45 tag-link-position-13\" style=\"font-size: 22pt;\" aria-label=\"Gem\u00e4lde (77 items)\">paintings<\/a>\n<a href=\"https:\/\/andreaswolf.net\/en\/tag\/gouache\/\" class=\"tag-cloud-link tag-link-74 tag-link-position-14\" style=\"font-size: 19.9748427673pt;\" aria-label=\"Gouache (45 items)\">Gouache<\/a>\n<a href=\"https:\/\/andreaswolf.net\/en\/tag\/gutshaus-cammin\/\" class=\"tag-cloud-link tag-link-76 tag-link-position-15\" style=\"font-size: 13.7232704403pt;\" aria-label=\"Gutshaus Cammin (8 items)\">Gutshaus Cammin<\/a>\n<a href=\"https:\/\/andreaswolf.net\/en\/tag\/hlp-galerie\/\" class=\"tag-cloud-link tag-link-49 tag-link-position-16\" style=\"font-size: 15.1320754717pt;\" aria-label=\"HLP Galerie (12 items)\">HLP Galerie<\/a>\n<a href=\"https:\/\/andreaswolf.net\/en\/tag\/hyvinkaeae-art-museum-finland\/\" class=\"tag-cloud-link tag-link-66 tag-link-position-17\" style=\"font-size: 10.641509434pt;\" aria-label=\"Hyvink\u00e4\u00e4 Art Museum Finland (3 items)\">Hyvink\u00e4\u00e4 Art Museum Finland<\/a>\n<a href=\"https:\/\/andreaswolf.net\/en\/tag\/king-kong-contemporary\/\" class=\"tag-cloud-link tag-link-92 tag-link-position-18\" style=\"font-size: 10.641509434pt;\" aria-label=\"King Kong Contemporary (3 items)\">King Kong Contemporary<\/a>\n<a href=\"https:\/\/andreaswolf.net\/en\/tag\/kolonie-wedding-berlin\/\" class=\"tag-cloud-link tag-link-67 tag-link-position-19\" style=\"font-size: 9.58490566038pt;\" aria-label=\"Kolonie Wedding Berlin (2 items)\">Kolonie Wedding Berlin<\/a>\n<a href=\"https:\/\/andreaswolf.net\/en\/tag\/kulturpalast-wedding\/\" class=\"tag-cloud-link tag-link-37 tag-link-position-20\" style=\"font-size: 13.7232704403pt;\" aria-label=\"Kulturpalast Wedding (8 items)\">Kulturpalast Wedding<\/a>\n<a href=\"https:\/\/andreaswolf.net\/en\/tag\/kunstetagen-pankow\/\" class=\"tag-cloud-link tag-link-50 tag-link-position-21\" style=\"font-size: 12.2264150943pt;\" aria-label=\"Kunstetagen Pankow (5 items)\">Kunstetagen Pankow<\/a>\n<a href=\"https:\/\/andreaswolf.net\/en\/tag\/kunstverein-viernheim\/\" class=\"tag-cloud-link tag-link-71 tag-link-position-22\" style=\"font-size: 14.8679245283pt;\" aria-label=\"Kunstverein Viernheim (11 items)\">Kunstverein Viernheim<\/a>\n<a href=\"https:\/\/andreaswolf.net\/en\/tag\/museum-of-contemporary-art-vojvodina\/\" class=\"tag-cloud-link tag-link-48 tag-link-position-23\" style=\"font-size: 11.5220125786pt;\" aria-label=\"Museum of Contemporary Art Vojvodina Serbia (4 items)\">Museum of Contemporary Art Vojvodina Serbia<\/a>\n<a href=\"https:\/\/andreaswolf.net\/en\/tag\/odetta-gallery-brooklyn-ny\/\" class=\"tag-cloud-link tag-link-113 tag-link-position-24\" style=\"font-size: 8pt;\" aria-label=\"ODETTA Gallery Brooklyn NY (1 item)\">ODETTA Gallery Brooklyn NY<\/a>\n<a href=\"https:\/\/andreaswolf.net\/en\/tag\/ow-art\/\" class=\"tag-cloud-link tag-link-101 tag-link-position-25\" style=\"font-size: 12.8427672956pt;\" aria-label=\"OW Art (6 items)\">OW Art<\/a>\n<a href=\"https:\/\/andreaswolf.net\/en\/tag\/palindrom\/\" class=\"tag-cloud-link tag-link-105 tag-link-position-26\" style=\"font-size: 11.5220125786pt;\" aria-label=\"Palindrom (4 items)\">Palindrom<\/a>\n<a href=\"https:\/\/andreaswolf.net\/en\/tag\/papier\/\" class=\"tag-cloud-link tag-link-110 tag-link-position-27\" style=\"font-size: 17.3333333333pt;\" aria-label=\"Papier (22 items)\">paper<\/a>\n<a href=\"https:\/\/andreaswolf.net\/en\/tag\/peng-mainz\/\" class=\"tag-cloud-link tag-link-102 tag-link-position-28\" style=\"font-size: 9.58490566038pt;\" aria-label=\"Peng Mainz (2 items)\">Peng Mainz<\/a>\n<a href=\"https:\/\/andreaswolf.net\/en\/tag\/peng-raum-fuer-kunst\/\" class=\"tag-cloud-link tag-link-100 tag-link-position-29\" style=\"font-size: 13.2830188679pt;\" aria-label=\"Peng Raum f\u00fcr Kunst (7 items)\">Peng Raum f\u00fcr Kunst<\/a>\n<a href=\"https:\/\/andreaswolf.net\/en\/tag\/prima-center-berlin\/\" class=\"tag-cloud-link tag-link-69 tag-link-position-30\" style=\"font-size: 12.2264150943pt;\" aria-label=\"Prima Center Berlin (5 items)\">Prima Center Berlin<\/a>\n<a href=\"https:\/\/andreaswolf.net\/en\/tag\/privatsammlung\/\" class=\"tag-cloud-link tag-link-57 tag-link-position-31\" style=\"font-size: 17.3333333333pt;\" aria-label=\"Privatsammlung (22 items)\">private collection<\/a>\n<a href=\"https:\/\/andreaswolf.net\/en\/tag\/romania\/\" class=\"tag-cloud-link tag-link-130 tag-link-position-32\" style=\"font-size: 8pt;\" aria-label=\"Romania (1 item)\">Romania<\/a>\n<a href=\"https:\/\/andreaswolf.net\/en\/tag\/rumaenien\/\" class=\"tag-cloud-link tag-link-131 tag-link-position-33\" style=\"font-size: 10.641509434pt;\" aria-label=\"Rum\u00e4nien (3 items)\">Rum\u00e4nien<\/a>\n<a href=\"https:\/\/andreaswolf.net\/en\/tag\/showtime\/\" class=\"tag-cloud-link tag-link-94 tag-link-position-34\" style=\"font-size: 12.8427672956pt;\" aria-label=\"Showtime (6 items)\">Showtime<\/a>\n<a href=\"https:\/\/andreaswolf.net\/en\/tag\/showtime-2-0\/\" class=\"tag-cloud-link tag-link-72 tag-link-position-35\" style=\"font-size: 11.5220125786pt;\" aria-label=\"Showtime 2.0 (4 items)\">Showtime 2.0<\/a>\n<a href=\"https:\/\/andreaswolf.net\/en\/tag\/siebdruck\/\" class=\"tag-cloud-link tag-link-103 tag-link-position-36\" style=\"font-size: 8pt;\" aria-label=\"Siebdruck (1 item)\">Siebdruck<\/a>\n<a href=\"https:\/\/andreaswolf.net\/en\/tag\/stadtgalerie-mannheim\/\" class=\"tag-cloud-link tag-link-97 tag-link-position-37\" style=\"font-size: 16.9811320755pt;\" aria-label=\"Stadtgalerie Mannheim (20 items)\">Stadtgalerie Mannheim<\/a>\n<a href=\"https:\/\/andreaswolf.net\/en\/tag\/tabakfabrik-edingen\/\" class=\"tag-cloud-link tag-link-125 tag-link-position-38\" style=\"font-size: 12.8427672956pt;\" aria-label=\"Tabakfabrik Edingen (6 items)\">Tabakfabrik Edingen<\/a>\n<a href=\"https:\/\/andreaswolf.net\/en\/tag\/tempera\/\" class=\"tag-cloud-link tag-link-99 tag-link-position-39\" style=\"font-size: 11.5220125786pt;\" aria-label=\"Tempera (4 items)\">Tempera<\/a>\n<a href=\"https:\/\/andreaswolf.net\/en\/tag\/toolbox-berlin\/\" class=\"tag-cloud-link tag-link-52 tag-link-position-40\" style=\"font-size: 14.5157232704pt;\" aria-label=\"Toolbox Berlin (10 items)\">Toolbox Berlin<\/a>\n<a href=\"https:\/\/andreaswolf.net\/en\/tag\/tryptichon\/\" class=\"tag-cloud-link tag-link-68 tag-link-position-41\" style=\"font-size: 8pt;\" aria-label=\"Tryptichon (1 item)\">Tryptichon<\/a>\n<a href=\"https:\/\/andreaswolf.net\/en\/tag\/twinkle-twinkle\/\" class=\"tag-cloud-link tag-link-135 tag-link-position-42\" style=\"font-size: 8pt;\" aria-label=\"Twinkle Twinkle (1 item)\">Twinkle Twinkle<\/a>\n<a href=\"https:\/\/andreaswolf.net\/en\/tag\/undegun-art-space-wrexham\/\" class=\"tag-cloud-link tag-link-64 tag-link-position-43\" style=\"font-size: 10.641509434pt;\" aria-label=\"Undegun Art Space Wrexham Wales (3 items)\">Undegun Art Space Wrexham Wales<\/a>\n<a href=\"https:\/\/andreaswolf.net\/en\/tag\/unter-urban-projektraum\/\" class=\"tag-cloud-link tag-link-73 tag-link-position-44\" style=\"font-size: 8pt;\" aria-label=\"Unter Urban Projektraum (1 item)\">Unter Urban Projektraum<\/a>\n<a href=\"https:\/\/andreaswolf.net\/en\/tag\/video\/\" class=\"tag-cloud-link tag-link-122 tag-link-position-45\" style=\"font-size: 8pt;\" aria-label=\"video (1 item)\">video<\/a><\/div>\n<\/nav><\/div><\/div><\/div><\/div><\/div><\/div><\/div><\/div><\/div>\n<\/div>","protected":false},"excerpt":{"rendered":"Andreas Wolf, geboren 1965 in Heidelberg, lebt als K\u00fcnstler und Grafik-Designer in Berlin. Er organisiert seit 2006 zusammen mit K\u00fcnstlerInnen...","protected":false},"author":1,"featured_media":0,"parent":0,"menu_order":0,"comment_status":"closed","ping_status":"closed","template":"","meta":{"footnotes":""},"class_list":["post-1119","page","type-page","status-publish","hentry"],"yoast_head":"<!-- This site is optimized with the Yoast SEO plugin v27.5 - https:\/\/yoast.com\/product\/yoast-seo-wordpress\/ -->\n<title>Vita - Andreas P. Wolf<\/title>\n<meta name=\"robots\" content=\"index, follow, max-snippet:-1, max-image-preview:large, max-video-preview:-1\" \/>\n<link rel=\"canonical\" href=\"https:\/\/andreaswolf.net\/en\/vita\/\" \/>\n<meta property=\"og:locale\" content=\"en_GB\" \/>\n<meta property=\"og:type\" content=\"article\" \/>\n<meta property=\"og:title\" content=\"Vita - Andreas P. Wolf\" \/>\n<meta property=\"og:url\" content=\"https:\/\/andreaswolf.net\/en\/vita\/\" \/>\n<meta property=\"og:site_name\" content=\"Andreas P. Wolf\" \/>\n<meta property=\"article:modified_time\" content=\"2025-01-10T16:15:17+00:00\" \/>\n<meta property=\"og:image\" content=\"https:\/\/andreaswolf.net\/wp-content\/uploads\/2024\/08\/2024-04_BB-revision_schriftzug_zweizeilig_neon.jpg\" \/>\n\t<meta property=\"og:image:width\" content=\"1500\" \/>\n\t<meta property=\"og:image:height\" content=\"1000\" \/>\n\t<meta property=\"og:image:type\" content=\"image\/jpeg\" \/>\n<meta name=\"twitter:card\" content=\"summary_large_image\" \/>\n<meta name=\"twitter:label1\" content=\"Estimated reading time\" \/>\n\t<meta name=\"twitter:data1\" content=\"8 minutes\" \/>\n<script type=\"application\/ld+json\" class=\"yoast-schema-graph\">{\"@context\":\"https:\\\/\\\/schema.org\",\"@graph\":[{\"@type\":\"WebPage\",\"@id\":\"https:\\\/\\\/andreaswolf.net\\\/vita\\\/\",\"url\":\"https:\\\/\\\/andreaswolf.net\\\/vita\\\/\",\"name\":\"Vita - Andreas P. Wolf\",\"isPartOf\":{\"@id\":\"https:\\\/\\\/andreaswolf.net\\\/#website\"},\"primaryImageOfPage\":{\"@id\":\"https:\\\/\\\/andreaswolf.net\\\/vita\\\/#primaryimage\"},\"image\":{\"@id\":\"https:\\\/\\\/andreaswolf.net\\\/vita\\\/#primaryimage\"},\"thumbnailUrl\":\"https:\\\/\\\/andreaswolf.net\\\/wp-content\\\/uploads\\\/2024\\\/08\\\/2024-04_BB-revision_schriftzug_zweizeilig_neon-150x100.jpg\",\"datePublished\":\"2019-12-05T11:00:07+00:00\",\"dateModified\":\"2025-01-10T16:15:17+00:00\",\"breadcrumb\":{\"@id\":\"https:\\\/\\\/andreaswolf.net\\\/vita\\\/#breadcrumb\"},\"inLanguage\":\"en-GB\",\"potentialAction\":[{\"@type\":\"ReadAction\",\"target\":[\"https:\\\/\\\/andreaswolf.net\\\/vita\\\/\"]}]},{\"@type\":\"ImageObject\",\"inLanguage\":\"en-GB\",\"@id\":\"https:\\\/\\\/andreaswolf.net\\\/vita\\\/#primaryimage\",\"url\":\"https:\\\/\\\/andreaswolf.net\\\/wp-content\\\/uploads\\\/2024\\\/08\\\/2024-04_BB-revision_schriftzug_zweizeilig_neon-150x100.jpg\",\"contentUrl\":\"https:\\\/\\\/andreaswolf.net\\\/wp-content\\\/uploads\\\/2024\\\/08\\\/2024-04_BB-revision_schriftzug_zweizeilig_neon-150x100.jpg\"},{\"@type\":\"BreadcrumbList\",\"@id\":\"https:\\\/\\\/andreaswolf.net\\\/vita\\\/#breadcrumb\",\"itemListElement\":[{\"@type\":\"ListItem\",\"position\":1,\"name\":\"Startseite\",\"item\":\"https:\\\/\\\/andreaswolf.net\\\/\"},{\"@type\":\"ListItem\",\"position\":2,\"name\":\"Vita\"}]},{\"@type\":\"WebSite\",\"@id\":\"https:\\\/\\\/andreaswolf.net\\\/#website\",\"url\":\"https:\\\/\\\/andreaswolf.net\\\/\",\"name\":\"Andreas P. Wolf\",\"description\":\"Ungegenst\u00e4ndliche Malerei\",\"publisher\":{\"@id\":\"https:\\\/\\\/andreaswolf.net\\\/#\\\/schema\\\/person\\\/5053ed57fcf1669109e387898bc08c05\"},\"potentialAction\":[{\"@type\":\"SearchAction\",\"target\":{\"@type\":\"EntryPoint\",\"urlTemplate\":\"https:\\\/\\\/andreaswolf.net\\\/?s={search_term_string}\"},\"query-input\":{\"@type\":\"PropertyValueSpecification\",\"valueRequired\":true,\"valueName\":\"search_term_string\"}}],\"inLanguage\":\"en-GB\"},{\"@type\":[\"Person\",\"Organization\"],\"@id\":\"https:\\\/\\\/andreaswolf.net\\\/#\\\/schema\\\/person\\\/5053ed57fcf1669109e387898bc08c05\",\"name\":\"Andreas Wolf\",\"image\":{\"@type\":\"ImageObject\",\"inLanguage\":\"en-GB\",\"@id\":\"https:\\\/\\\/andreaswolf.net\\\/wp-content\\\/uploads\\\/2020\\\/02\\\/o.T.-G-12A.jpg\",\"url\":\"https:\\\/\\\/andreaswolf.net\\\/wp-content\\\/uploads\\\/2020\\\/02\\\/o.T.-G-12A.jpg\",\"contentUrl\":\"https:\\\/\\\/andreaswolf.net\\\/wp-content\\\/uploads\\\/2020\\\/02\\\/o.T.-G-12A.jpg\",\"width\":600,\"height\":480,\"caption\":\"Andreas Wolf\"},\"logo\":{\"@id\":\"https:\\\/\\\/andreaswolf.net\\\/wp-content\\\/uploads\\\/2020\\\/02\\\/o.T.-G-12A.jpg\"}}]}<\/script>\n<!-- \/ Yoast SEO plugin. -->","yoast_head_json":{"title":"Vita - Andreas P. Wolf","robots":{"index":"index","follow":"follow","max-snippet":"max-snippet:-1","max-image-preview":"max-image-preview:large","max-video-preview":"max-video-preview:-1"},"canonical":"https:\/\/andreaswolf.net\/en\/vita\/","og_locale":"en_GB","og_type":"article","og_title":"Vita - Andreas P. Wolf","og_url":"https:\/\/andreaswolf.net\/en\/vita\/","og_site_name":"Andreas P. Wolf","article_modified_time":"2025-01-10T16:15:17+00:00","og_image":[{"width":1500,"height":1000,"url":"https:\/\/andreaswolf.net\/wp-content\/uploads\/2024\/08\/2024-04_BB-revision_schriftzug_zweizeilig_neon.jpg","type":"image\/jpeg"}],"twitter_card":"summary_large_image","twitter_misc":{"Estimated reading time":"8 minutes"},"schema":{"@context":"https:\/\/schema.org","@graph":[{"@type":"WebPage","@id":"https:\/\/andreaswolf.net\/vita\/","url":"https:\/\/andreaswolf.net\/vita\/","name":"Vita - Andreas P. Wolf","isPartOf":{"@id":"https:\/\/andreaswolf.net\/#website"},"primaryImageOfPage":{"@id":"https:\/\/andreaswolf.net\/vita\/#primaryimage"},"image":{"@id":"https:\/\/andreaswolf.net\/vita\/#primaryimage"},"thumbnailUrl":"https:\/\/andreaswolf.net\/wp-content\/uploads\/2024\/08\/2024-04_BB-revision_schriftzug_zweizeilig_neon-150x100.jpg","datePublished":"2019-12-05T11:00:07+00:00","dateModified":"2025-01-10T16:15:17+00:00","breadcrumb":{"@id":"https:\/\/andreaswolf.net\/vita\/#breadcrumb"},"inLanguage":"en-GB","potentialAction":[{"@type":"ReadAction","target":["https:\/\/andreaswolf.net\/vita\/"]}]},{"@type":"ImageObject","inLanguage":"en-GB","@id":"https:\/\/andreaswolf.net\/vita\/#primaryimage","url":"https:\/\/andreaswolf.net\/wp-content\/uploads\/2024\/08\/2024-04_BB-revision_schriftzug_zweizeilig_neon-150x100.jpg","contentUrl":"https:\/\/andreaswolf.net\/wp-content\/uploads\/2024\/08\/2024-04_BB-revision_schriftzug_zweizeilig_neon-150x100.jpg"},{"@type":"BreadcrumbList","@id":"https:\/\/andreaswolf.net\/vita\/#breadcrumb","itemListElement":[{"@type":"ListItem","position":1,"name":"Startseite","item":"https:\/\/andreaswolf.net\/"},{"@type":"ListItem","position":2,"name":"Vita"}]},{"@type":"WebSite","@id":"https:\/\/andreaswolf.net\/#website","url":"https:\/\/andreaswolf.net\/","name":"Andreas P. Wolf","description":"Non objective paintings","publisher":{"@id":"https:\/\/andreaswolf.net\/#\/schema\/person\/5053ed57fcf1669109e387898bc08c05"},"potentialAction":[{"@type":"SearchAction","target":{"@type":"EntryPoint","urlTemplate":"https:\/\/andreaswolf.net\/?s={search_term_string}"},"query-input":{"@type":"PropertyValueSpecification","valueRequired":true,"valueName":"search_term_string"}}],"inLanguage":"en-GB"},{"@type":["Person","Organization"],"@id":"https:\/\/andreaswolf.net\/#\/schema\/person\/5053ed57fcf1669109e387898bc08c05","name":"Andreas Wolf","image":{"@type":"ImageObject","inLanguage":"en-GB","@id":"https:\/\/andreaswolf.net\/wp-content\/uploads\/2020\/02\/o.T.-G-12A.jpg","url":"https:\/\/andreaswolf.net\/wp-content\/uploads\/2020\/02\/o.T.-G-12A.jpg","contentUrl":"https:\/\/andreaswolf.net\/wp-content\/uploads\/2020\/02\/o.T.-G-12A.jpg","width":600,"height":480,"caption":"Andreas Wolf"},"logo":{"@id":"https:\/\/andreaswolf.net\/wp-content\/uploads\/2020\/02\/o.T.-G-12A.jpg"}}]}},"_links":{"self":[{"href":"https:\/\/andreaswolf.net\/en\/wp-json\/wp\/v2\/pages\/1119","targetHints":{"allow":["GET"]}}],"collection":[{"href":"https:\/\/andreaswolf.net\/en\/wp-json\/wp\/v2\/pages"}],"about":[{"href":"https:\/\/andreaswolf.net\/en\/wp-json\/wp\/v2\/types\/page"}],"author":[{"embeddable":true,"href":"https:\/\/andreaswolf.net\/en\/wp-json\/wp\/v2\/users\/1"}],"replies":[{"embeddable":true,"href":"https:\/\/andreaswolf.net\/en\/wp-json\/wp\/v2\/comments?post=1119"}],"version-history":[{"count":10,"href":"https:\/\/andreaswolf.net\/en\/wp-json\/wp\/v2\/pages\/1119\/revisions"}],"predecessor-version":[{"id":2587,"href":"https:\/\/andreaswolf.net\/en\/wp-json\/wp\/v2\/pages\/1119\/revisions\/2587"}],"wp:attachment":[{"href":"https:\/\/andreaswolf.net\/en\/wp-json\/wp\/v2\/media?parent=1119"}],"curies":[{"name":"wp","href":"https:\/\/api.w.org\/{rel}","templated":true}]}}